{"id":1478,"date":"2019-12-23T16:38:38","date_gmt":"2019-12-23T14:38:38","guid":{"rendered":"http:\/\/slanda.de\/?page_id=1478"},"modified":"2019-12-23T16:55:45","modified_gmt":"2019-12-23T14:55:45","slug":"archiv","status":"publish","type":"page","link":"https:\/\/slanda.de\/?page_id=1478","title":{"rendered":"Archiv"},"content":{"rendered":"<hr>\n<p><img loading=\"lazy\" decoding=\"async\" class=\"alignright wp-image-349 size-thumbnail\" style=\"float: right;\" src=\"http:\/\/slanda.de\/wp-content\/uploads\/2018\/04\/plakat_1-150x150.png\" alt=\"\" width=\"150\" height=\"150\"><\/p>\n<p>Herzlich willkommen in unserem Archiv!<\/p>\n<p style=\"text-indent: 2px; text-align: left; word-spacing: normal; letter-spacing: 0px; font-variant: small-caps; font-style: oblique;\">Hier finden Sie die Bilder und kurze Beschreibungen der von uns besuchten M\u00e4rkte der vergangenen Jahre. Wir sind inzwischen seit Jan 2018 unterwegs und freuen uns immer wieder alle Interessierten pers\u00f6nlich zu treffen.<\/p>\n<hr>\n<h3 style=\"text-indent: 2px; text-align: left; word-spacing: normal; letter-spacing: 0px; font-variant: small-caps; font-style: oblique;\">Archive 2018 und 2019<\/h3>\n<hr>\n<p><strong>Romantische Waldweihnacht auf dem Keschdeberg in Weisenheim am Sand (14-15 Dez-2019)<\/strong><br \/>\n<img loading=\"lazy\" decoding=\"async\" class=\"wp-image-1477 size-medium alignleft\" src=\"http:\/\/slanda.de\/wp-content\/uploads\/2019\/12\/Waldweihnachtsmarkt_2019-225x300.jpg\" alt=\"\" width=\"225\" height=\"300\" srcset=\"https:\/\/slanda.de\/wp-content\/uploads\/2019\/12\/Waldweihnachtsmarkt_2019-225x300.jpg 225w, https:\/\/slanda.de\/wp-content\/uploads\/2019\/12\/Waldweihnachtsmarkt_2019.jpg 600w\" sizes=\"auto, (max-width: 225px) 100vw, 225px\" \/><\/p>\n<p>Einer f\u00fcr Kenner wohl bekannter, romantischer Weihnachtsmarkt im idyllischen W\u00e4ldchen am Rande von Weisenheim am Sand wurde trotz des wechselnden Wetters reichlich besucht, brennende Feuer, stilvolle Weihnachtsbeleuchtung erzeugten ein Gef\u00fchl der Vorfreude auf die kommenden Feiertage. Wir hatten im Freisitz ein sehr angenehmes Pl\u00e4tzchen, umgeben von den anderen Kunsthandwerkerst\u00e4nden genossen wir das Kinderchor am Samstag und das passende Weihnachtsorchester des ans\u00e4ssigen Vereins am Sonntag.<\/p>\n<hr>\n<p><strong>Weihnachtsmarkt im Automuseum in Ladenburg (07-08 Dez-2019)<\/strong><br \/>\n<img loading=\"lazy\" decoding=\"async\" class=\"alignright wp-image-1465 size-medium\" src=\"http:\/\/slanda.de\/wp-content\/uploads\/2019\/12\/Weihnachtsmarkt_Ladenburg2019-300x225.jpg\" alt=\"\" width=\"300\" height=\"225\" srcset=\"https:\/\/slanda.de\/wp-content\/uploads\/2019\/12\/Weihnachtsmarkt_Ladenburg2019-300x225.jpg 300w, https:\/\/slanda.de\/wp-content\/uploads\/2019\/12\/Weihnachtsmarkt_Ladenburg2019-768x576.jpg 768w, https:\/\/slanda.de\/wp-content\/uploads\/2019\/12\/Weihnachtsmarkt_Ladenburg2019.jpg 866w\" sizes=\"auto, (max-width: 300px) 100vw, 300px\" \/><\/p>\n<p>Ein auch f\u00fcr einen Autofan unglaubliches Ambiente im Automuseum in Ladenburg mit vielen historischen Autoexponaten, zahlreiche Besucher, ein nettes, hilfsbereites Organisationsteam samt all den lieb- und stilvoll gemachten Kunsthandwerken sorgten f\u00fcr eine bereits sehr weihnachtliche Stimmung.<\/p>\n<hr>\n<p><strong>Weihnachtsmarkt in Birkenheide (22-24 Nov-2019)<\/strong><br \/>\n<img loading=\"lazy\" decoding=\"async\" class=\"wp-image-1438 size-medium alignleft\" src=\"http:\/\/slanda.de\/wp-content\/uploads\/2019\/11\/SLANDA_Stand-300x225.jpg\" alt=\"\" width=\"300\" height=\"225\" srcset=\"https:\/\/slanda.de\/wp-content\/uploads\/2019\/11\/SLANDA_Stand-300x225.jpg 300w, https:\/\/slanda.de\/wp-content\/uploads\/2019\/11\/SLANDA_Stand-768x576.jpg 768w, https:\/\/slanda.de\/wp-content\/uploads\/2019\/11\/SLANDA_Stand.jpg 800w\" sizes=\"auto, (max-width: 300px) 100vw, 300px\" \/><\/p>\n<p>Und wieder ein Volltreffer! Viele am Kunsthandwerk interessierte Besucher, eine Mega-Organisation, Kinderschminken, Weihnachtsmann mit Kindergeschenken rundeten eine sehr sch\u00f6ne Veranstaltung ab. <a href=\"https:\/\/hkv-birkenheide.jimdo.com\/fotogalerie\/\" target=\"_blank\" rel=\"noopener noreferrer\">Hier<\/a> sehen Sie auf der Homepage der HKV Birkenheide einige der Bilder. Ein Besuch lohnt sich allemal, lassen Sie sich \u00fcberraschen!<\/p>\n<hr>\n<p><strong>Kunst-und Hobbyhandwerkermarkt in Weisenheim am Sand (26-27 Oct-2019)<\/strong><br \/>\n<img loading=\"lazy\" decoding=\"async\" class=\"wp-image-1415 size-medium alignright\" src=\"http:\/\/slanda.de\/wp-content\/uploads\/2019\/10\/MarktWeisenheim2019-300x225.jpg\" alt=\"\" width=\"300\" height=\"225\" srcset=\"https:\/\/slanda.de\/wp-content\/uploads\/2019\/10\/MarktWeisenheim2019-300x225.jpg 300w, https:\/\/slanda.de\/wp-content\/uploads\/2019\/10\/MarktWeisenheim2019-768x576.jpg 768w, https:\/\/slanda.de\/wp-content\/uploads\/2019\/10\/MarktWeisenheim2019.jpg 1008w\" sizes=\"auto, (max-width: 300px) 100vw, 300px\" \/><\/p>\n<p>In einer nahezu famili\u00e4ren Atmosph\u00e4re unterst\u00fctzt durch das sehr hilfsbereite und engagierte Organisationsteam geh\u00f6rt auch dieser Markt der Vergangenheit an. Er\u00f6ffnet mit einer Kinder-Tanzshow des Vereins, willkommen gehei\u00dfen mit einem Sektglas verbrachten wir einige nette Stunden beim ASV Weisenheim. Alleine insgesamt die relativ \u00fcberschaubare Besuchermenge tr\u00fcbte den gelungenen Eindruck.<\/p>\n<hr>\n<p><strong>Bauernmarkt in Frankenthal (31.Aug \/ 01-Sep-2019)<\/strong><br \/>\n<img loading=\"lazy\" decoding=\"async\" class=\"wp-image-1407 size-medium alignleft\" src=\"http:\/\/slanda.de\/wp-content\/uploads\/2019\/09\/BauernmarktFT_2019-300x239.jpg\" alt=\"\" width=\"300\" height=\"239\" srcset=\"https:\/\/slanda.de\/wp-content\/uploads\/2019\/09\/BauernmarktFT_2019-300x239.jpg 300w, https:\/\/slanda.de\/wp-content\/uploads\/2019\/09\/BauernmarktFT_2019-768x612.jpg 768w, https:\/\/slanda.de\/wp-content\/uploads\/2019\/09\/BauernmarktFT_2019.jpg 800w\" sizes=\"auto, (max-width: 300px) 100vw, 300px\" \/><\/p>\n<p>Wir waren zum ersten Mal auf einem Bauernmarkt und haben es nicht bereut! Ein Mega-Wetter, kulinarische Leckereien aus der Region, viele nette Aussteller und viele interessierte Kunden sorgten f\u00fcr zwei sehr abwechslungsreiche Tage!<\/p>\n<hr>\n<p><strong>Kr\u00e4uter- und Gartenmarkt in Limburgerhof (28 April 2019)<\/strong><br \/>\n<img loading=\"lazy\" decoding=\"async\" class=\"wp-image-1311 size-medium alignright\" src=\"http:\/\/slanda.de\/wp-content\/uploads\/2019\/04\/KrauterUndGartenmarkt2019-300x247.jpg\" alt=\"\" width=\"300\" height=\"247\" srcset=\"https:\/\/slanda.de\/wp-content\/uploads\/2019\/04\/KrauterUndGartenmarkt2019-300x247.jpg 300w, https:\/\/slanda.de\/wp-content\/uploads\/2019\/04\/KrauterUndGartenmarkt2019-768x633.jpg 768w, https:\/\/slanda.de\/wp-content\/uploads\/2019\/04\/KrauterUndGartenmarkt2019.jpg 889w\" sizes=\"auto, (max-width: 300px) 100vw, 300px\" \/><\/p>\n<p style=\"text-align: left;\">Ein vom ortsans\u00e4ssigen <a href=\"http:\/\/www.gartenbauverein-limburgerhof.de\/\" target=\"_blank\" rel=\"noopener noreferrer\">Gartenbauverein<\/a> organisierter Markt brachte uns viele neue Bekanntschaften und Erlebnisse, nur ein leider wechselndes Wetter tr\u00fcbte ein wenig den sehr positiven Eindruck! Vielen Dank insbesondere an die Hauptorganisatoren Frau Kern und Herrn Wettling!<\/p>\n<hr>\n<p><strong>Worms bl\u00fcht auf (06-07 April 2019)<\/strong><br \/>\n<img loading=\"lazy\" decoding=\"async\" class=\"wp-image-1296 size-medium alignleft\" src=\"http:\/\/slanda.de\/wp-content\/uploads\/2019\/04\/Markt_WormsBluehtAuf2019-300x225.jpg\" alt=\"\" width=\"300\" height=\"225\" srcset=\"https:\/\/slanda.de\/wp-content\/uploads\/2019\/04\/Markt_WormsBluehtAuf2019-300x225.jpg 300w, https:\/\/slanda.de\/wp-content\/uploads\/2019\/04\/Markt_WormsBluehtAuf2019-768x576.jpg 768w, https:\/\/slanda.de\/wp-content\/uploads\/2019\/04\/Markt_WormsBluehtAuf2019.jpg 1008w\" sizes=\"auto, (max-width: 300px) 100vw, 300px\" \/><\/p>\n<p>Die nahezu perfekt organisierte Veranstaltung <a href=\"http:\/\/slanda.de\/wp-content\/uploads\/2019\/04\/Worms-blueht-auf-2019-Faltblatt-11Maerz2019-14h35.pdf\" target=\"_blank\" rel=\"noopener noreferrer\">&#8220;Worms bl\u00fcht auf 2019&#8221;<\/a> in Wormser Innenstadt geh\u00f6rt ebenfalls der Vergangenheit an, Sonnenstrahlen \u00fcber die ganze Zeit, Live-Musik am Sonntag und die unglaubliche Menschenkulisse&nbsp; insbesondere am Sonntag hinterlie\u00df bei uns einen bleibenden, sehr positiven Eindruck!<\/p>\n<hr>\n<p><strong>Weihnachtsmarkt in Frankenthal (14-16 Dezember 2018)<\/strong><\/p>\n<p>ngg_shortcode_0_placeholderAuch der zweite von uns als Aussteller besuchte Markt ist nunmehr Geschichte&#8230; Bei einem f\u00fcr Winterverh\u00e4ltnisse angenehmen Wetter genossen wir die weihnachtliche Musik am Rathausplatz in Frankenthal.&nbsp;<\/p>\n<hr>\n<p><strong>Weihnachtsmarkt in Birkenheide (23-25 November 2018)<\/strong><\/p>\n<p><img loading=\"lazy\" decoding=\"async\" class=\"wp-image-1071 size-medium alignright\" src=\"http:\/\/slanda.de\/wp-content\/uploads\/2018\/11\/Rheinpfalz_Atikel-300x178.jpg\" alt=\"\" width=\"300\" height=\"178\" srcset=\"https:\/\/slanda.de\/wp-content\/uploads\/2018\/11\/Rheinpfalz_Atikel-300x178.jpg 300w, https:\/\/slanda.de\/wp-content\/uploads\/2018\/11\/Rheinpfalz_Atikel.jpg 700w\" sizes=\"auto, (max-width: 300px) 100vw, 300px\" \/>Der hervorragend organisierte Weihnachtsmarkt in Birkenheide ist nunmehr vorbei, wir haben die tolle Atmosph\u00e4re sehr genossen und viele neue Freundschaften geschlossen!<br \/>\n<a href=\"http:\/\/slanda.de\/?page_id=1065\">Hier<\/a> einige unserer Ausstellungst\u00fccke auf dem Weihnachtsmarkt, aufgenommen von Steve Wiktor &#8230; hier finden Sie auch den <a href=\"https:\/\/sharegallery.strato.com\/u\/Ffi5iO9B\/DzWILO-i#weihnachtsbasar-2018\/photos\/grid\" target=\"_blank\" rel=\"noopener noreferrer\">Link<\/a> auf die Homepage des Veranstalters HKV Birkenheide mit weiteren wundersch\u00f6nen Bildern!<\/p>\n","protected":false},"excerpt":{"rendered":"<p>Herzlich willkommen in unserem Archiv! Hier finden Sie die Bilder und kurze Beschreibungen der von uns besuchten M\u00e4rkte der vergangenen Jahre. Wir sind inzwischen seit Jan 2018 unterwegs und freuen uns immer wieder alle Interessierten pers\u00f6nlich zu treffen. Archive 2018 und 2019 Romantische Waldweihnacht auf dem Keschdeberg in Weisenheim am Sand (14-15 Dez-2019) Einer f\u00fcr &hellip; <a href=\"https:\/\/slanda.de\/?page_id=1478\" class=\"more-link\">Continue reading <span class=\"screen-reader-text\">Archiv<\/span><\/a><\/p>\n","protected":false},"author":1,"featured_media":0,"parent":0,"menu_order":0,"comment_status":"closed","ping_status":"closed","template":"","meta":{"_monsterinsights_skip_tracking":false,"_monsterinsights_sitenote_active":false,"_monsterinsights_sitenote_note":"","_monsterinsights_sitenote_category":0,"ngg_post_thumbnail":0,"footnotes":""},"class_list":["post-1478","page","type-page","status-publish","hentry"],"aioseo_notices":[],"_links":{"self":[{"href":"https:\/\/slanda.de\/index.php?rest_route=\/wp\/v2\/pages\/1478","targetHints":{"allow":["GET"]}}],"collection":[{"href":"https:\/\/slanda.de\/index.php?rest_route=\/wp\/v2\/pages"}],"about":[{"href":"https:\/\/slanda.de\/index.php?rest_route=\/wp\/v2\/types\/page"}],"author":[{"embeddable":true,"href":"https:\/\/slanda.de\/index.php?rest_route=\/wp\/v2\/users\/1"}],"replies":[{"embeddable":true,"href":"https:\/\/slanda.de\/index.php?rest_route=%2Fwp%2Fv2%2Fcomments&post=1478"}],"version-history":[{"count":9,"href":"https:\/\/slanda.de\/index.php?rest_route=\/wp\/v2\/pages\/1478\/revisions"}],"predecessor-version":[{"id":1500,"href":"https:\/\/slanda.de\/index.php?rest_route=\/wp\/v2\/pages\/1478\/revisions\/1500"}],"wp:attachment":[{"href":"https:\/\/slanda.de\/index.php?rest_route=%2Fwp%2Fv2%2Fmedia&parent=1478"}],"curies":[{"name":"wp","href":"https:\/\/api.w.org\/{rel}","templated":true}]}}